{"id":612,"date":"2024-07-29T19:49:46","date_gmt":"2024-07-29T19:49:46","guid":{"rendered":"https:\/\/bal.wearevisum.com\/?page_id=612"},"modified":"2024-07-29T19:56:24","modified_gmt":"2024-07-29T19:56:24","slug":"editia-iv","status":"publish","type":"page","link":"https:\/\/baluldelacastel.bethany.ro\/en\/editia-iv\/","title":{"rendered":"Editia IV"},"content":{"rendered":"<div data-elementor-type=\"wp-page\" data-elementor-id=\"612\" class=\"elementor elementor-612\" data-elementor-post-type=\"page\">\n\t\t\t\t<div class=\"elementor-element elementor-element-cf531f7 e-con-full e-flex e-con e-parent\" data-id=\"cf531f7\" data-element_type=\"container\" data-e-type=\"container\" data-settings=\"{&quot;background_background&quot;:&quot;classic&quot;}\">\n\t\t\t\t<\/div>\n\t\t<div class=\"elementor-element elementor-element-347a469 e-con-full e-flex e-con e-parent\" data-id=\"347a469\" data-element_type=\"container\" data-e-type=\"container\">\n\t\t<div class=\"elementor-element elementor-element-b8b1065 e-con-full e-flex e-con e-child\" data-id=\"b8b1065\" data-element_type=\"container\" data-e-type=\"container\">\n\t\t<div class=\"elementor-element elementor-element-ad0ff8c e-con-full e-flex e-con e-child\" data-id=\"ad0ff8c\" data-element_type=\"container\" data-e-type=\"container\">\n\t\t\t\t<div class=\"elementor-element elementor-element-6ac303b elementor-invisible elementor-widget elementor-widget-text-editor\" data-id=\"6ac303b\" data-element_type=\"widget\" data-e-type=\"widget\" data-settings=\"{&quot;_animation&quot;:&quot;fadeIn&quot;,&quot;_animation_delay&quot;:300}\" data-widget_type=\"text-editor.default\">\n\t\t\t\t<div class=\"elementor-widget-container\">\n\t\t\t\t\t\t\t\t\tDate generale\t\t\t\t\t\t\t\t<\/div>\n\t\t\t\t<\/div>\n\t\t\t\t<div class=\"elementor-element elementor-element-efd37d3 elementor-view-default elementor-invisible elementor-widget elementor-widget-icon\" data-id=\"efd37d3\" data-element_type=\"widget\" data-e-type=\"widget\" data-settings=\"{&quot;_animation&quot;:&quot;zoomIn&quot;,&quot;_animation_delay&quot;:600}\" data-widget_type=\"icon.default\">\n\t\t\t\t<div class=\"elementor-widget-container\">\n\t\t\t\t\t\t\t<div class=\"elementor-icon-wrapper\">\n\t\t\t<div class=\"elementor-icon\">\n\t\t\t<svg aria-hidden=\"true\" class=\"e-font-icon-svg e-fas-circle\" viewbox=\"0 0 512 512\" xmlns=\"http:\/\/www.w3.org\/2000\/svg\"><path d=\"M256 8C119 8 8 119 8 256s111 248 248 248 248-111 248-248S393 8 256 8z\"><\/path><\/svg>\t\t\t<\/div>\n\t\t<\/div>\n\t\t\t\t\t\t<\/div>\n\t\t\t\t<\/div>\n\t\t\t\t<\/div>\n\t\t\t\t<\/div>\n\t\t<div class=\"elementor-element elementor-element-4972d83 e-con-full e-flex e-con e-child\" data-id=\"4972d83\" data-element_type=\"container\" data-e-type=\"container\">\n\t\t\t\t<div class=\"elementor-element elementor-element-58ce7b7 elementor-invisible elementor-widget elementor-widget-text-editor\" data-id=\"58ce7b7\" data-element_type=\"widget\" data-e-type=\"widget\" data-settings=\"{&quot;_animation&quot;:&quot;fadeIn&quot;,&quot;_animation_delay&quot;:900}\" data-widget_type=\"text-editor.default\">\n\t\t\t\t<div class=\"elementor-widget-container\">\n\t\t\t\t\t\t\t\t\tOrganizator: Funda\u021bia Serviciilor Sociale Bethany\t\t\t\t\t\t\t\t<\/div>\n\t\t\t\t<\/div>\n\t\t\t\t<div class=\"elementor-element elementor-element-2c6c5f9 elementor-invisible elementor-widget elementor-widget-text-editor\" data-id=\"2c6c5f9\" data-element_type=\"widget\" data-e-type=\"widget\" data-settings=\"{&quot;_animation&quot;:&quot;fadeIn&quot;,&quot;_animation_delay&quot;:900}\" data-widget_type=\"text-editor.default\">\n\t\t\t\t<div class=\"elementor-widget-container\">\n\t\t\t\t\t\t\t\t\tData: 19 iunie 2015, ora 19.00\t\t\t\t\t\t\t\t<\/div>\n\t\t\t\t<\/div>\n\t\t\t\t<div class=\"elementor-element elementor-element-187d16b elementor-invisible elementor-widget elementor-widget-text-editor\" data-id=\"187d16b\" data-element_type=\"widget\" data-e-type=\"widget\" data-settings=\"{&quot;_animation&quot;:&quot;fadeIn&quot;,&quot;_animation_delay&quot;:900}\" data-widget_type=\"text-editor.default\">\n\t\t\t\t<div class=\"elementor-widget-container\">\n\t\t\t\t\t\t\t\t\tLoc de desf\u0103\u0219urare: Hotel Restaurant La Castel, Green View Salon\t\t\t\t\t\t\t\t<\/div>\n\t\t\t\t<\/div>\n\t\t\t\t<div class=\"elementor-element elementor-element-33a075d elementor-invisible elementor-widget elementor-widget-text-editor\" data-id=\"33a075d\" data-element_type=\"widget\" data-e-type=\"widget\" data-settings=\"{&quot;_animation&quot;:&quot;fadeIn&quot;,&quot;_animation_delay&quot;:900}\" data-widget_type=\"text-editor.default\">\n\t\t\t\t<div class=\"elementor-widget-container\">\n\t\t\t\t\t\t\t\t\tAmfitrioni: Irina P\u0103curariu \u0219i Pavel Barto\u0219\t\t\t\t\t\t\t\t<\/div>\n\t\t\t\t<\/div>\n\t\t\t\t<div class=\"elementor-element elementor-element-7a3ad51 elementor-invisible elementor-widget elementor-widget-text-editor\" data-id=\"7a3ad51\" data-element_type=\"widget\" data-e-type=\"widget\" data-settings=\"{&quot;_animation&quot;:&quot;fadeIn&quot;,&quot;_animation_delay&quot;:900}\" data-widget_type=\"text-editor.default\">\n\t\t\t\t<div class=\"elementor-widget-container\">\n\t\t\t\t\t\t\t\t\tInvitat special: Felicia Filip, Adrian Naidin, Concertino Band, Andra Botez &#038; Friends\t\t\t\t\t\t\t\t<\/div>\n\t\t\t\t<\/div>\n\t\t\t\t<\/div>\n\t\t\t\t<\/div>\n\t\t<div class=\"elementor-element elementor-element-ac549fc e-con-full e-flex e-con e-parent\" data-id=\"ac549fc\" data-element_type=\"container\" data-e-type=\"container\" data-settings=\"{&quot;background_background&quot;:&quot;classic&quot;}\">\n\t\t<div class=\"elementor-element elementor-element-487b07d e-con-full e-flex e-con e-child\" data-id=\"487b07d\" data-element_type=\"container\" data-e-type=\"container\">\n\t\t\t\t<div class=\"elementor-element elementor-element-a0ce30b elementor-invisible elementor-widget elementor-widget-image\" data-id=\"a0ce30b\" data-element_type=\"widget\" data-e-type=\"widget\" data-settings=\"{&quot;_animation&quot;:&quot;fadeIn&quot;,&quot;_animation_delay&quot;:300}\" data-widget_type=\"image.default\">\n\t\t\t\t<div class=\"elementor-widget-container\">\n\t\t\t\t\t\t\t\t\t\t\t\t\t\t\t<img fetchpriority=\"high\" decoding=\"async\" width=\"390\" height=\"390\" src=\"https:\/\/baluldelacastel.bethany.ro\/wp-content\/uploads\/2024\/07\/logo2015.png\" class=\"attachment-full size-full wp-image-614\" alt=\"\" srcset=\"https:\/\/baluldelacastel.bethany.ro\/wp-content\/uploads\/2024\/07\/logo2015.png 390w, https:\/\/baluldelacastel.bethany.ro\/wp-content\/uploads\/2024\/07\/logo2015-300x300.png 300w, https:\/\/baluldelacastel.bethany.ro\/wp-content\/uploads\/2024\/07\/logo2015-150x150.png 150w\" sizes=\"(max-width: 390px) 100vw, 390px\" \/>\t\t\t\t\t\t\t\t\t\t\t\t\t\t\t<\/div>\n\t\t\t\t<\/div>\n\t\t\t\t<\/div>\n\t\t<div class=\"elementor-element elementor-element-700452f e-con-full e-flex e-con e-child\" data-id=\"700452f\" data-element_type=\"container\" data-e-type=\"container\">\n\t\t<div class=\"elementor-element elementor-element-364667f e-con-full e-flex e-con e-child\" data-id=\"364667f\" data-element_type=\"container\" data-e-type=\"container\">\n\t\t\t\t<div class=\"elementor-element elementor-element-ee3602e elementor-invisible elementor-widget elementor-widget-text-editor\" data-id=\"ee3602e\" data-element_type=\"widget\" data-e-type=\"widget\" data-settings=\"{&quot;_animation&quot;:&quot;fadeIn&quot;,&quot;_animation_delay&quot;:600}\" data-widget_type=\"text-editor.default\">\n\t\t\t\t<div class=\"elementor-widget-container\">\n\t\t\t\t\t\t\t\t\tPoveste\t\t\t\t\t\t\t\t<\/div>\n\t\t\t\t<\/div>\n\t\t\t\t<div class=\"elementor-element elementor-element-b8ca27a elementor-view-default elementor-invisible elementor-widget elementor-widget-icon\" data-id=\"b8ca27a\" data-element_type=\"widget\" data-e-type=\"widget\" data-settings=\"{&quot;_animation&quot;:&quot;zoomIn&quot;,&quot;_animation_delay&quot;:900}\" data-widget_type=\"icon.default\">\n\t\t\t\t<div class=\"elementor-widget-container\">\n\t\t\t\t\t\t\t<div class=\"elementor-icon-wrapper\">\n\t\t\t<div class=\"elementor-icon\">\n\t\t\t<svg aria-hidden=\"true\" class=\"e-font-icon-svg e-fas-circle\" viewbox=\"0 0 512 512\" xmlns=\"http:\/\/www.w3.org\/2000\/svg\"><path d=\"M256 8C119 8 8 119 8 256s111 248 248 248 248-111 248-248S393 8 256 8z\"><\/path><\/svg>\t\t\t<\/div>\n\t\t<\/div>\n\t\t\t\t\t\t<\/div>\n\t\t\t\t<\/div>\n\t\t\t\t<\/div>\n\t\t\t\t<div class=\"elementor-element elementor-element-422039f elementor-invisible elementor-widget elementor-widget-text-editor\" data-id=\"422039f\" data-element_type=\"widget\" data-e-type=\"widget\" data-settings=\"{&quot;_animation&quot;:&quot;fadeIn&quot;,&quot;_animation_delay&quot;:1200}\" data-widget_type=\"text-editor.default\">\n\t\t\t\t<div class=\"elementor-widget-container\">\n\t\t\t\t\t\t\t\t\t\u00cen anul 2012, invitam pentru prima dat\u0103 ie\u0219enii la un exerci\u021biu de generozitate \u00eentr-un cadru distins \u0219i elegant. Balul de La Castel a luat na\u0219tere din dorin\u021ba de a sprijini copiii \u0219i tinerii \u00een dificultate, iar de atunci reune\u0219te \u00een fiecare an peste 400 de personalit\u0103\u021bi marcante \u0219i parteneri din mediul cultural, medical sau de afaceri din regiunea Moldovei \u0219i nu numai.\t\t\t\t\t\t\t\t<\/div>\n\t\t\t\t<\/div>\n\t\t\t\t<div class=\"elementor-element elementor-element-63b11f9 elementor-invisible elementor-widget elementor-widget-text-editor\" data-id=\"63b11f9\" data-element_type=\"widget\" data-e-type=\"widget\" data-settings=\"{&quot;_animation&quot;:&quot;fadeIn&quot;,&quot;_animation_delay&quot;:1200}\" data-widget_type=\"text-editor.default\">\n\t\t\t\t<div class=\"elementor-widget-container\">\n\t\t\t\t\t\t\t\t\tCu fiecare edi\u021bie, Balul de La Castel ia forme noi \u0219i ingenioase prin abordarea unei tematici diferite care poate fi descoperit\u0103 prin decorurile din sal\u0103, momentele artistice, meniu, \u021binute, p\u00e2n\u0103 la cele mai mici detalii.\t\t\t\t\t\t\t\t<\/div>\n\t\t\t\t<\/div>\n\t\t\t\t<\/div>\n\t\t\t\t<\/div>\n\t\t<div class=\"elementor-element elementor-element-2852153 e-con-full e-flex e-con e-parent\" data-id=\"2852153\" data-element_type=\"container\" data-e-type=\"container\">\n\t\t<div class=\"elementor-element elementor-element-bdd14a2 e-con-full e-flex e-con e-child\" data-id=\"bdd14a2\" data-element_type=\"container\" data-e-type=\"container\">\n\t\t<div class=\"elementor-element elementor-element-81dd34b e-con-full e-flex e-con e-child\" data-id=\"81dd34b\" data-element_type=\"container\" data-e-type=\"container\">\n\t\t\t\t<div class=\"elementor-element elementor-element-a280d55 elementor-invisible elementor-widget elementor-widget-text-editor\" data-id=\"a280d55\" data-element_type=\"widget\" data-e-type=\"widget\" data-settings=\"{&quot;_animation&quot;:&quot;fadeIn&quot;,&quot;_animation_delay&quot;:300}\" data-widget_type=\"text-editor.default\">\n\t\t\t\t<div class=\"elementor-widget-container\">\n\t\t\t\t\t\t\t\t\tScop\t\t\t\t\t\t\t\t<\/div>\n\t\t\t\t<\/div>\n\t\t\t\t<div class=\"elementor-element elementor-element-3e90cf6 elementor-view-default elementor-invisible elementor-widget elementor-widget-icon\" data-id=\"3e90cf6\" data-element_type=\"widget\" data-e-type=\"widget\" data-settings=\"{&quot;_animation&quot;:&quot;zoomIn&quot;,&quot;_animation_delay&quot;:600}\" data-widget_type=\"icon.default\">\n\t\t\t\t<div class=\"elementor-widget-container\">\n\t\t\t\t\t\t\t<div class=\"elementor-icon-wrapper\">\n\t\t\t<div class=\"elementor-icon\">\n\t\t\t<svg aria-hidden=\"true\" class=\"e-font-icon-svg e-fas-circle\" viewbox=\"0 0 512 512\" xmlns=\"http:\/\/www.w3.org\/2000\/svg\"><path d=\"M256 8C119 8 8 119 8 256s111 248 248 248 248-111 248-248S393 8 256 8z\"><\/path><\/svg>\t\t\t<\/div>\n\t\t<\/div>\n\t\t\t\t\t\t<\/div>\n\t\t\t\t<\/div>\n\t\t\t\t<\/div>\n\t\t\t\t<\/div>\n\t\t<div class=\"elementor-element elementor-element-d3600dd e-con-full e-flex e-con e-child\" data-id=\"d3600dd\" data-element_type=\"container\" data-e-type=\"container\">\n\t\t\t\t<div class=\"elementor-element elementor-element-50afdc8 elementor-invisible elementor-widget elementor-widget-text-editor\" data-id=\"50afdc8\" data-element_type=\"widget\" data-e-type=\"widget\" data-settings=\"{&quot;_animation&quot;:&quot;fadeIn&quot;,&quot;_animation_delay&quot;:900}\" data-widget_type=\"text-editor.default\">\n\t\t\t\t<div class=\"elementor-widget-container\">\n\t\t\t\t\t\t\t\t\tPlasat temporal pe data de 19 iunie 2015, Balul de La Castel deschide perioada cea mai \u00eenc\u0103rcat\u0103 de simbolistic\u0103 \u0219i semnifica\u021bii la nivel senzorial \u0219i extrasenzorial din \u00eentregul an 2015 \u2013 perioada care \u00eencepe cu momentul solsti\u021biului de var\u0103 -21 iunie- \u0219i se \u00eencheie cu s\u0103rb\u0103toarea de S\u00e2nziene \u2013 24 iunie. SOLSTITIUM este tema noii edi\u021bii a evenimentului Balul de La Castel care \u00eensumeaz\u0103 semnifica\u021bii \u0219i simboluri reg\u0103site \u00een obiceiuri \u0219i tradi\u021bii rom\u00e2ne\u0219ti. Dar, pentru c\u0103 tind s\u0103-\u0219i piard\u0103 din str\u0103lucire \u00een fa\u021ba modernului, mereu provocator, Balul de La Castel \u00ee\u0219i propune s\u0103 readuc\u0103 tradi\u021bia \u00een prezentul mereu r\u00e2vnit \u0219i s\u0103 creeze o edi\u021bie spectaculoas\u0103, plin\u0103 de lumin\u0103 \u0219i culoare.\t\t\t\t\t\t\t\t<\/div>\n\t\t\t\t<\/div>\n\t\t\t\t<div class=\"elementor-element elementor-element-079c410 elementor-invisible elementor-widget elementor-widget-text-editor\" data-id=\"079c410\" data-element_type=\"widget\" data-e-type=\"widget\" data-settings=\"{&quot;_animation&quot;:&quot;fadeIn&quot;,&quot;_animation_delay&quot;:1200}\" data-widget_type=\"text-editor.default\">\n\t\t\t\t<div class=\"elementor-widget-container\">\n\t\t\t\t\t\t\t\t\tBalul de La Castel s-a n\u0103scut din generozitate. An de an, evenimentul reune\u0219te din ce \u00een ce mai multe persoane care doresc s\u0103 sus\u021bin\u0103 cauza noastr\u0103 \u2013 centrul de recuperare pentru copiii cu dizabilit\u0103\u021bi deschis \u00een cadrul Funda\u021biei Bethany. Aici, profesioni\u0219ti extrem de dedica\u021bi lucreaz\u0103 anual cu aproximativ 50 de copii cu dizabilit\u0103\u021bi, \u00eencerc\u00e2nd s\u0103-i preg\u0103teasc\u0103 pentru viitor, un viitor \u00een care s\u0103 se descurce c\u00e2t mai bine \u00een societate.\t\t\t\t\t\t\t\t<\/div>\n\t\t\t\t<\/div>\n\t\t\t\t<\/div>\n\t\t\t\t<\/div>\n\t\t<div class=\"elementor-element elementor-element-0e1acc2 e-con-full e-flex e-con e-parent\" data-id=\"0e1acc2\" data-element_type=\"container\" data-e-type=\"container\" data-settings=\"{&quot;background_background&quot;:&quot;classic&quot;}\">\n\t\t<div class=\"elementor-element elementor-element-67d7e9c e-con-full e-flex e-con e-child\" data-id=\"67d7e9c\" data-element_type=\"container\" data-e-type=\"container\">\n\t\t\t\t<div class=\"elementor-element elementor-element-3e290f7 elementor-widget elementor-widget-video\" data-id=\"3e290f7\" data-element_type=\"widget\" data-e-type=\"widget\" data-settings=\"{&quot;autoplay&quot;:&quot;yes&quot;,&quot;play_on_mobile&quot;:&quot;yes&quot;,&quot;mute&quot;:&quot;yes&quot;,&quot;loop&quot;:&quot;yes&quot;,&quot;video_type&quot;:&quot;vimeo&quot;}\" data-widget_type=\"video.default\">\n\t\t\t\t<div class=\"elementor-widget-container\">\n\t\t\t\t\t\t\t<div class=\"elementor-wrapper elementor-open-inline\">\n\t\t\t<iframe class=\"elementor-video-iframe\" allowfullscreen allow=\"autoplay\" title=\"vimeo Video Player\" src=\"https:\/\/player.vimeo.com\/video\/174645293?autoplay=1&amp;playsinline=1&amp;color&amp;autopause=0&amp;loop=1&amp;muted=1&amp;title=1&amp;portrait=1&amp;byline=1#t=\"><\/iframe>\t\t<\/div>\n\t\t\t\t\t\t<\/div>\n\t\t\t\t<\/div>\n\t\t\t\t<\/div>\n\t\t<div class=\"elementor-element elementor-element-fdc516c e-con-full e-flex e-con e-child\" data-id=\"fdc516c\" data-element_type=\"container\" data-e-type=\"container\">\n\t\t<div class=\"elementor-element elementor-element-4040654 e-con-full e-flex e-con e-child\" data-id=\"4040654\" data-element_type=\"container\" data-e-type=\"container\">\n\t\t\t\t<div class=\"elementor-element elementor-element-ca62c7d elementor-invisible elementor-widget elementor-widget-text-editor\" data-id=\"ca62c7d\" data-element_type=\"widget\" data-e-type=\"widget\" data-settings=\"{&quot;_animation&quot;:&quot;fadeIn&quot;,&quot;_animation_delay&quot;:600}\" data-widget_type=\"text-editor.default\">\n\t\t\t\t<div class=\"elementor-widget-container\">\n\t\t\t\t\t\t\t\t\tLicitatie\t\t\t\t\t\t\t\t<\/div>\n\t\t\t\t<\/div>\n\t\t\t\t<div class=\"elementor-element elementor-element-9c71087 elementor-view-default elementor-invisible elementor-widget elementor-widget-icon\" data-id=\"9c71087\" data-element_type=\"widget\" data-e-type=\"widget\" data-settings=\"{&quot;_animation&quot;:&quot;zoomIn&quot;,&quot;_animation_delay&quot;:900}\" data-widget_type=\"icon.default\">\n\t\t\t\t<div class=\"elementor-widget-container\">\n\t\t\t\t\t\t\t<div class=\"elementor-icon-wrapper\">\n\t\t\t<div class=\"elementor-icon\">\n\t\t\t<svg aria-hidden=\"true\" class=\"e-font-icon-svg e-fas-circle\" viewbox=\"0 0 512 512\" xmlns=\"http:\/\/www.w3.org\/2000\/svg\"><path d=\"M256 8C119 8 8 119 8 256s111 248 248 248 248-111 248-248S393 8 256 8z\"><\/path><\/svg>\t\t\t<\/div>\n\t\t<\/div>\n\t\t\t\t\t\t<\/div>\n\t\t\t\t<\/div>\n\t\t\t\t<\/div>\n\t\t\t\t<div class=\"elementor-element elementor-element-7cdc146 elementor-invisible elementor-widget elementor-widget-text-editor\" data-id=\"7cdc146\" data-element_type=\"widget\" data-e-type=\"widget\" data-settings=\"{&quot;_animation&quot;:&quot;fadeIn&quot;,&quot;_animation_delay&quot;:1200}\" data-widget_type=\"text-editor.default\">\n\t\t\t\t<div class=\"elementor-widget-container\">\n\t\t\t\t\t\t\t\t\tAugustin Matei Watches, Claudiu Ciobanu, Miruna Cojanu, Exquisite Diamonds, Daniela Grapa, Ovidiu Kloska, Ada Alina Lungu, Ion Nedelcu, Irina Jijian Pascariu, Marcel Pu\u0219ca\u0219u, Daniel R\u0103dulescu, Virgiliu Scripcariu, Raluca Simon, Vladinsky (Vlad Marian), Mihail Vornicu\t\t\t\t\t\t\t\t<\/div>\n\t\t\t\t<\/div>\n\t\t\t\t<\/div>\n\t\t\t\t<\/div>\n\t\t\t\t<\/div>","protected":false},"excerpt":{"rendered":"<p>Date generale Organizator: Funda\u021bia Serviciilor Sociale BethanyData: 19 iunie 2015, ora 19.00Loc de desf\u0103\u0219urare: Hotel Restaurant La Castel, Green View SalonAmfitrioni: Irina P\u0103curariu \u0219i Pavel Barto\u0219Invitat special: Felicia Filip, Adrian Naidin, Concertino Band, Andra Botez &#038; Friends Poveste \u00cen anul 2012, invitam pentru prima dat\u0103 ie\u0219enii la un exerci\u021biu de generozitate \u00eentr-un cadru distins \u0219i [&hellip;]<\/p>\n","protected":false},"author":2,"featured_media":0,"parent":0,"menu_order":0,"comment_status":"closed","ping_status":"closed","template":"","meta":{"_acf_changed":false,"footnotes":""},"class_list":["post-612","page","type-page","status-publish","hentry"],"acf":[],"yoast_head":"<!-- This site is optimized with the Yoast SEO plugin v27.5 - https:\/\/yoast.com\/product\/yoast-seo-wordpress\/ -->\n<title>Editia IV - Balul de la Castel<\/title>\n<meta name=\"robots\" content=\"index, follow, max-snippet:-1, max-image-preview:large, max-video-preview:-1\" \/>\n<link rel=\"canonical\" href=\"https:\/\/baluldelacastel.bethany.ro\/en\/editia-iv\/\" \/>\n<meta property=\"og:locale\" content=\"en_GB\" \/>\n<meta property=\"og:type\" content=\"article\" \/>\n<meta property=\"og:title\" content=\"Editia IV - Balul de la Castel\" \/>\n<meta property=\"og:description\" content=\"Date generale Organizator: Funda\u021bia Serviciilor Sociale BethanyData: 19 iunie 2015, ora 19.00Loc de desf\u0103\u0219urare: Hotel Restaurant La Castel, Green View SalonAmfitrioni: Irina P\u0103curariu \u0219i Pavel Barto\u0219Invitat special: Felicia Filip, Adrian Naidin, Concertino Band, Andra Botez &#038; Friends Poveste \u00cen anul 2012, invitam pentru prima dat\u0103 ie\u0219enii la un exerci\u021biu de generozitate \u00eentr-un cadru distins \u0219i [&hellip;]\" \/>\n<meta property=\"og:url\" content=\"https:\/\/baluldelacastel.bethany.ro\/en\/editia-iv\/\" \/>\n<meta property=\"og:site_name\" content=\"Balul de la Castel\" \/>\n<meta property=\"article:publisher\" content=\"https:\/\/www.instagram.com\/balul_de_la_castel\/\" \/>\n<meta property=\"article:modified_time\" content=\"2024-07-29T19:56:24+00:00\" \/>\n<meta property=\"og:image\" content=\"https:\/\/baluldelacastel.bethany.ro\/wp-content\/uploads\/2024\/07\/logo2015.png\" \/>\n<meta name=\"twitter:card\" content=\"summary_large_image\" \/>\n<meta name=\"twitter:label1\" content=\"Estimated reading time\" \/>\n\t<meta name=\"twitter:data1\" content=\"2 minutes\" \/>\n<script type=\"application\/ld+json\" class=\"yoast-schema-graph\">{\"@context\":\"https:\\\/\\\/schema.org\",\"@graph\":[{\"@type\":\"WebPage\",\"@id\":\"https:\\\/\\\/baluldelacastel.bethany.ro\\\/editia-iv\\\/\",\"url\":\"https:\\\/\\\/baluldelacastel.bethany.ro\\\/editia-iv\\\/\",\"name\":\"Editia IV - Balul de la Castel\",\"isPartOf\":{\"@id\":\"https:\\\/\\\/baluldelacastel.bethany.ro\\\/#website\"},\"primaryImageOfPage\":{\"@id\":\"https:\\\/\\\/baluldelacastel.bethany.ro\\\/editia-iv\\\/#primaryimage\"},\"image\":{\"@id\":\"https:\\\/\\\/baluldelacastel.bethany.ro\\\/editia-iv\\\/#primaryimage\"},\"thumbnailUrl\":\"https:\\\/\\\/baluldelacastel.bethany.ro\\\/wp-content\\\/uploads\\\/2024\\\/07\\\/logo2015.png\",\"datePublished\":\"2024-07-29T19:49:46+00:00\",\"dateModified\":\"2024-07-29T19:56:24+00:00\",\"breadcrumb\":{\"@id\":\"https:\\\/\\\/baluldelacastel.bethany.ro\\\/editia-iv\\\/#breadcrumb\"},\"inLanguage\":\"en-GB\",\"potentialAction\":[{\"@type\":\"ReadAction\",\"target\":[\"https:\\\/\\\/baluldelacastel.bethany.ro\\\/editia-iv\\\/\"]}]},{\"@type\":\"ImageObject\",\"inLanguage\":\"en-GB\",\"@id\":\"https:\\\/\\\/baluldelacastel.bethany.ro\\\/editia-iv\\\/#primaryimage\",\"url\":\"https:\\\/\\\/baluldelacastel.bethany.ro\\\/wp-content\\\/uploads\\\/2024\\\/07\\\/logo2015.png\",\"contentUrl\":\"https:\\\/\\\/baluldelacastel.bethany.ro\\\/wp-content\\\/uploads\\\/2024\\\/07\\\/logo2015.png\"},{\"@type\":\"BreadcrumbList\",\"@id\":\"https:\\\/\\\/baluldelacastel.bethany.ro\\\/editia-iv\\\/#breadcrumb\",\"itemListElement\":[{\"@type\":\"ListItem\",\"position\":1,\"name\":\"Home\",\"item\":\"https:\\\/\\\/baluldelacastel.bethany.ro\\\/\"},{\"@type\":\"ListItem\",\"position\":2,\"name\":\"Editia IV\"}]},{\"@type\":\"WebSite\",\"@id\":\"https:\\\/\\\/baluldelacastel.bethany.ro\\\/#website\",\"url\":\"https:\\\/\\\/baluldelacastel.bethany.ro\\\/\",\"name\":\"Balul de la Castel\",\"description\":\"Bethany\",\"publisher\":{\"@id\":\"https:\\\/\\\/baluldelacastel.bethany.ro\\\/#organization\"},\"potentialAction\":[{\"@type\":\"SearchAction\",\"target\":{\"@type\":\"EntryPoint\",\"urlTemplate\":\"https:\\\/\\\/baluldelacastel.bethany.ro\\\/?s={search_term_string}\"},\"query-input\":{\"@type\":\"PropertyValueSpecification\",\"valueRequired\":true,\"valueName\":\"search_term_string\"}}],\"inLanguage\":\"en-GB\"},{\"@type\":\"Organization\",\"@id\":\"https:\\\/\\\/baluldelacastel.bethany.ro\\\/#organization\",\"name\":\"Bethany\",\"url\":\"https:\\\/\\\/baluldelacastel.bethany.ro\\\/\",\"logo\":{\"@type\":\"ImageObject\",\"inLanguage\":\"en-GB\",\"@id\":\"https:\\\/\\\/baluldelacastel.bethany.ro\\\/#\\\/schema\\\/logo\\\/image\\\/\",\"url\":\"https:\\\/\\\/baluldelacastel.bethany.ro\\\/wp-content\\\/uploads\\\/2024\\\/07\\\/Asset-1_1.png\",\"contentUrl\":\"https:\\\/\\\/baluldelacastel.bethany.ro\\\/wp-content\\\/uploads\\\/2024\\\/07\\\/Asset-1_1.png\",\"width\":597,\"height\":336,\"caption\":\"Bethany\"},\"image\":{\"@id\":\"https:\\\/\\\/baluldelacastel.bethany.ro\\\/#\\\/schema\\\/logo\\\/image\\\/\"},\"sameAs\":[\"https:\\\/\\\/www.instagram.com\\\/balul_de_la_castel\\\/\"]}]}<\/script>\n<!-- \/ Yoast SEO plugin. -->","yoast_head_json":{"title":"Editia IV - Balul de la Castel","robots":{"index":"index","follow":"follow","max-snippet":"max-snippet:-1","max-image-preview":"max-image-preview:large","max-video-preview":"max-video-preview:-1"},"canonical":"https:\/\/baluldelacastel.bethany.ro\/en\/editia-iv\/","og_locale":"en_GB","og_type":"article","og_title":"Editia IV - Balul de la Castel","og_description":"Date generale Organizator: Funda\u021bia Serviciilor Sociale BethanyData: 19 iunie 2015, ora 19.00Loc de desf\u0103\u0219urare: Hotel Restaurant La Castel, Green View SalonAmfitrioni: Irina P\u0103curariu \u0219i Pavel Barto\u0219Invitat special: Felicia Filip, Adrian Naidin, Concertino Band, Andra Botez &#038; Friends Poveste \u00cen anul 2012, invitam pentru prima dat\u0103 ie\u0219enii la un exerci\u021biu de generozitate \u00eentr-un cadru distins \u0219i [&hellip;]","og_url":"https:\/\/baluldelacastel.bethany.ro\/en\/editia-iv\/","og_site_name":"Balul de la Castel","article_publisher":"https:\/\/www.instagram.com\/balul_de_la_castel\/","article_modified_time":"2024-07-29T19:56:24+00:00","og_image":[{"url":"https:\/\/baluldelacastel.bethany.ro\/wp-content\/uploads\/2024\/07\/logo2015.png","type":"","width":"","height":""}],"twitter_card":"summary_large_image","twitter_misc":{"Estimated reading time":"2 minutes"},"schema":{"@context":"https:\/\/schema.org","@graph":[{"@type":"WebPage","@id":"https:\/\/baluldelacastel.bethany.ro\/editia-iv\/","url":"https:\/\/baluldelacastel.bethany.ro\/editia-iv\/","name":"Editia IV - Balul de la Castel","isPartOf":{"@id":"https:\/\/baluldelacastel.bethany.ro\/#website"},"primaryImageOfPage":{"@id":"https:\/\/baluldelacastel.bethany.ro\/editia-iv\/#primaryimage"},"image":{"@id":"https:\/\/baluldelacastel.bethany.ro\/editia-iv\/#primaryimage"},"thumbnailUrl":"https:\/\/baluldelacastel.bethany.ro\/wp-content\/uploads\/2024\/07\/logo2015.png","datePublished":"2024-07-29T19:49:46+00:00","dateModified":"2024-07-29T19:56:24+00:00","breadcrumb":{"@id":"https:\/\/baluldelacastel.bethany.ro\/editia-iv\/#breadcrumb"},"inLanguage":"en-GB","potentialAction":[{"@type":"ReadAction","target":["https:\/\/baluldelacastel.bethany.ro\/editia-iv\/"]}]},{"@type":"ImageObject","inLanguage":"en-GB","@id":"https:\/\/baluldelacastel.bethany.ro\/editia-iv\/#primaryimage","url":"https:\/\/baluldelacastel.bethany.ro\/wp-content\/uploads\/2024\/07\/logo2015.png","contentUrl":"https:\/\/baluldelacastel.bethany.ro\/wp-content\/uploads\/2024\/07\/logo2015.png"},{"@type":"BreadcrumbList","@id":"https:\/\/baluldelacastel.bethany.ro\/editia-iv\/#breadcrumb","itemListElement":[{"@type":"ListItem","position":1,"name":"Home","item":"https:\/\/baluldelacastel.bethany.ro\/"},{"@type":"ListItem","position":2,"name":"Editia IV"}]},{"@type":"WebSite","@id":"https:\/\/baluldelacastel.bethany.ro\/#website","url":"https:\/\/baluldelacastel.bethany.ro\/","name":"Balul de la Castel","description":"Bethany","publisher":{"@id":"https:\/\/baluldelacastel.bethany.ro\/#organization"},"potentialAction":[{"@type":"SearchAction","target":{"@type":"EntryPoint","urlTemplate":"https:\/\/baluldelacastel.bethany.ro\/?s={search_term_string}"},"query-input":{"@type":"PropertyValueSpecification","valueRequired":true,"valueName":"search_term_string"}}],"inLanguage":"en-GB"},{"@type":"Organization","@id":"https:\/\/baluldelacastel.bethany.ro\/#organization","name":"Bethany","url":"https:\/\/baluldelacastel.bethany.ro\/","logo":{"@type":"ImageObject","inLanguage":"en-GB","@id":"https:\/\/baluldelacastel.bethany.ro\/#\/schema\/logo\/image\/","url":"https:\/\/baluldelacastel.bethany.ro\/wp-content\/uploads\/2024\/07\/Asset-1_1.png","contentUrl":"https:\/\/baluldelacastel.bethany.ro\/wp-content\/uploads\/2024\/07\/Asset-1_1.png","width":597,"height":336,"caption":"Bethany"},"image":{"@id":"https:\/\/baluldelacastel.bethany.ro\/#\/schema\/logo\/image\/"},"sameAs":["https:\/\/www.instagram.com\/balul_de_la_castel\/"]}]}},"_links":{"self":[{"href":"https:\/\/baluldelacastel.bethany.ro\/en\/wp-json\/wp\/v2\/pages\/612","targetHints":{"allow":["GET"]}}],"collection":[{"href":"https:\/\/baluldelacastel.bethany.ro\/en\/wp-json\/wp\/v2\/pages"}],"about":[{"href":"https:\/\/baluldelacastel.bethany.ro\/en\/wp-json\/wp\/v2\/types\/page"}],"author":[{"embeddable":true,"href":"https:\/\/baluldelacastel.bethany.ro\/en\/wp-json\/wp\/v2\/users\/2"}],"replies":[{"embeddable":true,"href":"https:\/\/baluldelacastel.bethany.ro\/en\/wp-json\/wp\/v2\/comments?post=612"}],"version-history":[{"count":4,"href":"https:\/\/baluldelacastel.bethany.ro\/en\/wp-json\/wp\/v2\/pages\/612\/revisions"}],"predecessor-version":[{"id":621,"href":"https:\/\/baluldelacastel.bethany.ro\/en\/wp-json\/wp\/v2\/pages\/612\/revisions\/621"}],"wp:attachment":[{"href":"https:\/\/baluldelacastel.bethany.ro\/en\/wp-json\/wp\/v2\/media?parent=612"}],"curies":[{"name":"wp","href":"https:\/\/api.w.org\/{rel}","templated":true}]}}